{"id":3,"date":"2022-10-26T13:21:18","date_gmt":"2022-10-26T13:21:18","guid":{"rendered":"https:\/\/feuerecker.org\/?page_id=3"},"modified":"2022-10-26T14:55:39","modified_gmt":"2022-10-26T14:55:39","slug":"privacy-policy","status":"publish","type":"page","link":"https:\/\/feuerecker.org\/?page_id=3","title":{"rendered":"DATENSCHUTZ"},"content":{"rendered":"\n<p><strong>1. \u00dcberblick<br><\/strong>Die folgenden Datenschutzhinweise informieren Sie \u00fcber Art und Umfang der Verarbeitung sogenannter personenbezogener Daten durch die Feuerecker GbR. Personenbezogene Daten sind Informationen, die Ihrer Person direkt oder mittelbar zuzuordnen sind bzw. zugeordnet werden k\u00f6nnen.<\/p>\n\n\n\n<p>Mit Aufruf der Website der Feuerecker GbR zu blo\u00dfen Informationszwecken ist es grunds\u00e4tzlich nicht erforderlich, dass Sie personenbezogene Daten angeben. Es werden jedoch verschiedene Informationen zwischen Ihrem Endger\u00e4t und unserem Server ausgetauscht. Hierbei kann es sich auch um personenbezogene Daten handeln. Die so erhobenen Informationen werden u. a. dazu genutzt, unsere Website zu optimieren.<\/p>\n\n\n\n<p>Den Vorgaben der DSGVO entsprechend haben Sie unterschiedliche Rechte, die Sie uns gegen\u00fcber geltend machen k\u00f6nnen. Hierzu z\u00e4hlt u. a. das Recht, Widerspruch gegen ausgew\u00e4hlte Datenverarbeitungen, insbesondere Datenverarbeitungen zu Werbezwecken, einlegen zu k\u00f6nnen. Die M\u00f6glichkeit zum Widerspruch ist drucktechnisch hervorgehoben.<\/p>\n\n\n\n<p>Sollten Sie Fragen zu unseren Datenschutzhinweisen haben, k\u00f6nnen Sie sich jederzeit gerne an uns wenden. Die Kontaktdaten finden Sie nachfolgend.<\/p>\n\n\n\n<p><strong>2. Name und Kontaktdaten des f\u00fcr die Verarbeitung Verantwortlichen<br><\/strong>Diese Datenschutz-Information gilt f\u00fcr die Datenverarbeitung durch die<br>Feuerecker GbR<br>Wallerdorfer Str. 4<br>94486 Osterhofen<br>Te.: +49 9932 715911 0<br><a href=\"mailto:info@feuerecker.org\">info@feuerecker.org<\/a><\/p>\n\n\n\n<p><strong>Datenschutzbeauftragter:<br><\/strong>Es wurde kein Datenschutzbeauftragter bestellt, da dies f\u00fcr uns nicht verpflichtend ist.<\/p>\n\n\n\n<p><strong>3. Zwecke der Datenverarbeitung, Rechtsgrundlagen und berechtigte Interessen, die von der Feuerecker GbR oder einem dritten verfolgt werden sowie Kategorien von Empf\u00e4ngern<\/strong><\/p>\n\n\n\n<p><strong>3.1&nbsp;&nbsp; &nbsp;Aufrufen unserer Website<br><\/strong>Beim Aufrufen unserer Website werden durch den auf Ihrem Endger\u00e4t zum Einsatz kommenden Browser automatisch Informationen an den Server unserer Website gesendet und tempor\u00e4r in einem sogenannten Log-File gespeichert. Hierauf haben wir keinen Einfluss.<\/p>\n\n\n\n<p>Folgende Informationen&nbsp;werden dabei auch ohne Ihr Zutun erfasst und bis zur automatisierten L\u00f6schung gespeichert:<\/p>\n\n\n\n<ul class=\"wp-block-list\"><li>die IP-Adresse des anfragenden internetf\u00e4higen Ger\u00e4tes,<\/li><li>das Datum und die Uhrzeit des Zugriffs,<\/li><li>der Name und die URL der abgerufenen Datei,<\/li><li>die Website von der aus der Zugriff erfolgte (Referrer-URL),<\/li><li>der von Ihnen verwendete Browser und ggf. das Betriebssystem Ihres internetf\u00e4higen Rechners sowie der Name Ihres Access-Providers.<\/li><\/ul>\n\n\n\n<p>Die Rechtsgrundlage f\u00fcr die&nbsp;Verarbeitung der IP-Adresse&nbsp;ist Artikel 6 Absatz 1 Buchstabe f DSGVO. Unser berechtigtes Interesse folgt aus den nachfolgend aufgelisteten Zwecken der Datenerhebung. An dieser Stelle noch der Hinweis, dass uns aus den erhobenen Daten keine R\u00fcckschl\u00fcsse auf Ihre Identit\u00e4t m\u00f6glich sind und durch uns auch nicht gezogen werden.<\/p>\n\n\n\n<p>Die IP-Adresse Ihres Endger\u00e4tes sowie die weiteren oben aufgelisteten Daten werden durch uns f\u00fcr folgende Zwecke genutzt:<\/p>\n\n\n\n<ul class=\"wp-block-list\"><li>Gew\u00e4hrleistung eines reibungslosen Verbindungsaufbaus,<\/li><li>Gew\u00e4hrleistung einer komfortablen Nutzung unserer Website,<\/li><li>Auswertung der Systemsicherheit und -stabilit\u00e4t sowie<\/li><li>weitere administrative Zwecke,<\/li><li>um Strafverfolgungsbeh\u00f6rden im Falle eines Cyberangriffes die zur Strafverfolgung notwendigen Informationen bereitzustellen.<\/li><\/ul>\n\n\n\n<p>Die Daten werden f\u00fcr einen Zeitraum von 7 Tagen gespeichert und danach automatisch gel\u00f6scht. Des Weiteren verwenden wir f\u00fcr unsere Website sogenannte Cookies. Um welche Cookies es sich dabei genau handelt und wie Ihre Daten daf\u00fcr verwendet werden, wird nachfolgend unter Ziffer 3.2. genauer erl\u00e4utert.<\/p>\n\n\n\n<p><strong>3.2 Umgang mit Kontaktdaten<br><\/strong>Nehmen Sie mit uns als Websitebetreiber durch die angebotenen Kontaktm\u00f6glichkeiten Verbindung auf, werden Ihre Angaben gespeichert, damit auf diese zur Bearbeitung und Beantwortung Ihrer Anfrage zur\u00fcckgegriffen werden kann. Ohne Ihre Einwilligung werden diese Daten nicht an Dritte weitergegeben.<\/p>\n\n\n\n<p><strong>3.3 Cookies<br><\/strong>Wir setzen auf unserer Website auf Grundlage des Artikel 6 Absatz 1 Buchstabe f DSGVO sogenannte Cookies ein. Unser Interesse, unsere Webseite zu optimieren, ist dabei als berechtigt im Sinne der vorgenannten Vorschrift anzusehen. Bei Cookies handelt es sich um kleine Dateien, die Ihr Browser automatisch erstellt und die auf Ihrem Endger\u00e4t (Laptop, Tablet, Smartphone o. \u00e4.) gespeichert werden, wenn Sie unsere Seite besuchen. Cookies richten auf Ihrem Endger\u00e4t keinen Schaden an, enthalten keine Viren, Trojaner oder sonstige Schadsoftware. In dem Cookie werden Informationen abgelegt, die sich jeweils im Zusammenhang mit dem spezifisch eingesetzten Endger\u00e4t ergeben. Dies bedeutet jedoch nicht, dass wir dadurch unmittelbar Kenntnis von Ihrer Identit\u00e4t erhalten. Der Einsatz von Cookies dient dazu, die Nutzung unseres Angebots f\u00fcr Sie angenehmer zu gestalten. So setzen wir sogenannte&nbsp;Session-Cookies&nbsp;ein, um zu erkennen, dass Sie einzelne Seiten unserer Website bereits besucht haben oder Sie sich bereits in Ihrem Kundenkonto angemeldet haben. Diese werden nach Verlassen unserer Seite automatisch gel\u00f6scht.<\/p>\n\n\n\n<p><strong>3.4 Nutzung von Social-Media-Plugins von Facebook<br><\/strong>Aufgrund unseres berechtigten Interesses an der Analyse, Optimierung und dem Betrieb unseres Online-Angebotes (im Sinne des Art. 6 Abs. 1 lit. f. DSGVO), verwendet diese Website das Facebook-Social-Plugin, welches von der Facebook Inc. (1 Hacker Way, Menlo Park, California 94025, USA) betrieben wird. Erkennbar sind die Einbindungen an dem Facebook-Logo bzw. an den Begriffen \u201eLike\u201c, \u201eGef\u00e4llt mir\u201c, \u201eTeilen\u201c in den Farben Facebooks (Blau und Wei\u00df). Informationen zu allen Facebook-Plugins finden Sie \u00fcber den folgenden Link: <a href=\"https:\/\/developers.facebook.com\/docs\/plugins\/\">https:\/\/developers.facebook.com\/docs\/plugins\/<\/a><\/p>\n\n\n\n<p>Facebook Inc. h\u00e4lt das europ\u00e4ische Datenschutzrecht ein und ist unter dem Privacy-Shield-Abkommen zertifiziert:<br><a href=\"https:\/\/www.privacyshield.gov\/participant?id=a2zt0000000GnywAAC&amp;status=Active\">https:\/\/www.privacyshield.gov\/participant?id=a2zt0000000GnywAAC&amp;status=Active<\/a><\/p>\n\n\n\n<p>Das Plugin stellt eine direkte Verbindung zwischen Ihrem Browser und den Facebook-Servern her. Der Websitebetreiber hat keinerlei Einfluss auf die Natur und den Umfang der Daten, welche das Plugin an die Server der Facebook Inc. \u00fcbermittelt. Informationen dazu finden Sie hier: <a href=\"https:\/\/www.facebook.com\/help\/186325668085084\">https:\/\/www.facebook.com\/help\/186325668085084<\/a><\/p>\n\n\n\n<p>Das Plugin informiert die Facebook Inc. dar\u00fcber, dass Sie als Nutzer diese Website besucht haben. Es besteht hierbei die M\u00f6glichkeit, dass Ihre IP-Adresse gespeichert wird. Sind Sie w\u00e4hrend des Besuchs auf dieser Website in Ihrem Facebook-Konto eingeloggt, werden die genannten Informationen mit diesem verkn\u00fcpft.<\/p>\n\n\n\n<p>Nutzen Sie die Funktionen des Plugins \u2013 etwa indem Sie einen Beitrag teilen oder \u201eliken\u201c \u2013, werden die entsprechenden Informationen ebenfalls an die Facebook Inc. \u00fcbermittelt. M\u00f6chten Sie verhindern, dass die Facebook. Inc. diese Daten mit Ihrem Facebook-Konto verkn\u00fcpft, loggen Sie sich bitte vor dem Besuch dieser Website bei Facebook aus und l\u00f6schen Sie die gespeicherten Cookies. \u00dcber Ihr Facebook-Profil k\u00f6nnen Sie weitere Einstellungen zur Datenverarbeitung f\u00fcr Werbezwecke t\u00e4tigen oder der Nutzung Ihrer Daten f\u00fcr Werbezwecke widersprechen. Zu den Einstellungen gelangen Sie hier:<\/p>\n\n\n\n<ul class=\"wp-block-list\"><li>Profileinstellungen bei Facebook:<br><a href=\"https:\/\/www.facebook.com\/ads\/preferences\/?entry_product=ad_settings_screen\">https:\/\/www.facebook.com\/ads\/preferences\/?entry_product=ad_settings_screen<\/a><\/li><\/ul>\n\n\n\n<ul class=\"wp-block-list\"><li>Cookie-Deaktivierungsseite der US-amerikanischen Website:<br><a href=\"http:\/\/optout.aboutads.info\/?c=2#!\/\">http:\/\/optout.aboutads.info\/?c=2#!\/<\/a><\/li><li>Cookie-Deaktivierungsseite der europ\u00e4ischen Website:<br><a href=\"http:\/\/optout.networkadvertising.org\/?c=1#!\/\">http:\/\/optout.networkadvertising.org\/?c=1#!\/<\/a><\/li><\/ul>\n\n\n\n<p>Welche Daten, zu welchem Zweck und in welchem Umfang Facebook Daten erhebt, nutzt und verarbeitet und welche Rechte sowie Einstellungsm\u00f6glichkeiten Sie zum Schutz Ihrer Privatsph\u00e4re haben, k\u00f6nnen Sie in den Datenschutzrichtlinien von Facebook nachlesen.<br>Diese finden Sie hier: https:\/\/www.facebook.com\/about\/privacy\/<\/p>\n\n\n\n<p><strong>3.5 Daten\u00fcbermittlung an Drittstaaten au\u00dferhalb der EU<br><\/strong>Alle Informationen, die wir von Ihnen oder \u00fcber Sie erhalten, werden grunds\u00e4tzlich auf Servern innerhalb der Europ\u00e4ischen Union verarbeitet. Eine \u00dcbermittlung Ihrer Daten an oder eine Verarbeitung Ihrer Daten in Drittstaaten erfolgt ohne Ihre ausdr\u00fcckliche Einwilligung lediglich, sofern dies gesetzlich vorgesehen ist und in dem Drittstaat ein hierf\u00fcr angemessenes Datenschutzniveau sichergestellt ist.<\/p>\n\n\n\n<p><strong><br>4. Ihre Rechte<\/strong><\/p>\n\n\n\n<p><strong>4.1&nbsp;\u00dcberblick<br><\/strong>Neben dem Recht auf Widerruf Ihrer uns gegen\u00fcber erteilten Einwilligungen stehen Ihnen bei Vorliegen der jeweiligen gesetzlichen Voraussetzungen die folgenden weiteren Rechte zu:<\/p>\n\n\n\n<p>\u2022&nbsp;&nbsp; &nbsp;Recht auf Auskunft \u00fcber Ihre bei uns gespeicherten pers\u00f6nlichen Daten gem. Art. 15 DSGVO,<br>\u2022&nbsp;&nbsp; &nbsp;Recht auf Berichtigung unrichtiger oder auf Vervollst\u00e4ndigung richtiger Daten <br>      gem. Art. 16   DSGVO,<br>\u2022&nbsp;&nbsp; &nbsp;Recht auf L\u00f6schung Ihrer bei uns gespeicherten Daten gem. Art. 17 DSGVO,<br>\u2022&nbsp;&nbsp; &nbsp;Recht auf Einschr\u00e4nkung der Verarbeitung Ihrer Daten gem. Art. 18 DSGVO,<br>\u2022&nbsp;&nbsp; &nbsp;Recht auf Daten\u00fcbertragbarkeit gem. Art. 20 DSGVO.<br>\u2022&nbsp;&nbsp; &nbsp;Recht auf Beschwerde bei einer Aufsichtsbeh\u00f6rde gem. Art.&nbsp; 13 DSGVO<br>\u2022&nbsp;&nbsp; &nbsp;Widerrufsrecht bei Einwilligung gem. Art.&nbsp; 7 DSGVO<\/p>\n\n\n\n<p>Soweit die Verarbeitung auf Ihrer Einwilligung beruht, haben Sie das Recht, die Einwilligung jederzeit zu widerrufen. Die Rechtm\u00e4\u00dfigkeit, der aufgrund der Einwilligung bis zum Widerruf erfolgten Verarbeitung wird dadurch nicht ber\u00fchrt.<\/p>\n\n\n\n<p><strong>4.2 Widerrufsrecht<br><\/strong>Unter den Voraussetzungen des ART. 21 ABS. 1 DSGVO kann der Datenverarbeitung aus Gr\u00fcnden, die sich aus der besonderen Situation der betroffenen Person ergeben, widersprochen werden.<\/p>\n\n\n\n<p>Das vorstehende allgemeine Widerspruchsrecht gilt f\u00fcr alle in dieser Datenschutz-Information beschriebenen Verarbeitungszwecke, die auf Grundlage von Artikel 6 Absatz 1 Buchstabe f DSGVO verarbeitet werden. Wir sind nach der DSGVO zur Umsetzung eines solchen allgemeinen Widerspruchs nur verpflichtet, wenn Sie uns hierf\u00fcr Gr\u00fcnde von \u00fcbergeordneter Bedeutung nennen. Die Rechtm\u00e4\u00dfigkeit, der bis zum Widerruf erfolgten Datenverarbeitungsvorg\u00e4nge bleibt vom Widerruf unber\u00fchrt.<\/p>\n\n\n\n<p>Das Widerspruchsrecht k\u00f6nnen Sie kostenfrei aus\u00fcben.<\/p>\n\n\n\n<p>Um Ihr Widerspruchsrecht auszu\u00fcben, wenden Sie sich bitte an die unter Nummer 2 genannten Kontaktdaten.<\/p>\n\n\n\n<p><strong>5.&nbsp;Datensicherheit<\/strong><br>Wir bedienen uns geeigneter technischer und organisatorischer Sicherheitsma\u00dfnahmen, um Ihre bei uns gespeicherten pers\u00f6nlichen Daten gegen Manipulation, teilweisen oder vollst\u00e4ndigen Verlust und gegen unbefugten Zugriff Dritter zu sch\u00fctzen. Unsere Sicherheitsma\u00dfnahmen werden entsprechend der technologischen Entwicklung fortlaufend verbessert.<\/p>\n","protected":false},"excerpt":{"rendered":"<p>1. \u00dcberblickDie folgenden Datenschutzhinweise informieren Sie \u00fcber Art und Umfang der Verarbeitung sogenannter personenbezogener Daten durch die Feuerecker GbR. Personenbezogene Daten sind Informationen, die Ihrer Person direkt oder mittelbar zuzuordnen [&hellip;]<\/p>\n","protected":false},"author":1,"featured_media":0,"parent":0,"menu_order":0,"comment_status":"closed","ping_status":"open","template":"","meta":{"footnotes":""},"class_list":["post-3","page","type-page","status-publish","czr-hentry"],"_links":{"self":[{"href":"https:\/\/feuerecker.org\/index.php?rest_route=\/wp\/v2\/pages\/3","targetHints":{"allow":["GET"]}}],"collection":[{"href":"https:\/\/feuerecker.org\/index.php?rest_route=\/wp\/v2\/pages"}],"about":[{"href":"https:\/\/feuerecker.org\/index.php?rest_route=\/wp\/v2\/types\/page"}],"author":[{"embeddable":true,"href":"https:\/\/feuerecker.org\/index.php?rest_route=\/wp\/v2\/users\/1"}],"replies":[{"embeddable":true,"href":"https:\/\/feuerecker.org\/index.php?rest_route=%2Fwp%2Fv2%2Fcomments&post=3"}],"version-history":[{"count":2,"href":"https:\/\/feuerecker.org\/index.php?rest_route=\/wp\/v2\/pages\/3\/revisions"}],"predecessor-version":[{"id":41,"href":"https:\/\/feuerecker.org\/index.php?rest_route=\/wp\/v2\/pages\/3\/revisions\/41"}],"wp:attachment":[{"href":"https:\/\/feuerecker.org\/index.php?rest_route=%2Fwp%2Fv2%2Fmedia&parent=3"}],"curies":[{"name":"wp","href":"https:\/\/api.w.org\/{rel}","templated":true}]}}